{"id":8813,"date":"2024-12-21T16:15:39","date_gmt":"2024-12-21T16:15:39","guid":{"rendered":"https:\/\/cehas.hr\/about-the-centre\/"},"modified":"2025-01-29T00:12:45","modified_gmt":"2025-01-29T00:12:45","slug":"about-the-centre","status":"publish","type":"page","link":"https:\/\/cehas.hr\/en\/about-the-centre\/","title":{"rendered":"About the centre"},"content":{"rendered":"<p>[et_pb_section fb_built=&#8221;1&#8243; next_background_color=&#8221;#ffffff&#8221; admin_label=&#8221;Header&#8221; _builder_version=&#8221;4.27.4&#8243; _module_preset=&#8221;default&#8221; background_image=&#8221;https:\/\/cehas.hr\/wp-content\/uploads\/2024\/12\/papir-za-baner1.jpg&#8221; custom_padding=&#8221;||5vw||false|false&#8221; bottom_divider_style=&#8221;mountains&#8221; bottom_divider_height=&#8221;3vw&#8221; bottom_divider_repeat=&#8221;1x&#8221; bottom_divider_flip=&#8221;horizontal&#8221; locked=&#8221;off&#8221; global_colors_info=&#8221;{}&#8221;][et_pb_row _builder_version=&#8221;4.16&#8243; _module_preset=&#8221;default&#8221; global_colors_info=&#8221;{}&#8221;][et_pb_column type=&#8221;4_4&#8243; _builder_version=&#8221;4.16&#8243; _module_preset=&#8221;default&#8221; global_colors_info=&#8221;{}&#8221;][et_pb_text _builder_version=&#8221;4.27.4&#8243; _module_preset=&#8221;d5dbb5d4-7ec7-4306-b6c5-1435f277faf4&#8243; header_font=&#8221;&#8211;et_global_heading_font|900|||||||&#8221; header_text_align=&#8221;center&#8221; header_text_color=&#8221;#000000&#8243; header_font_size=&#8221;55px&#8221; header_line_height=&#8221;1.2em&#8221; custom_margin=&#8221;||16px||false|false&#8221; hover_enabled=&#8221;0&#8243; header_font_size_tablet=&#8221;36px&#8221; header_font_size_phone=&#8221;40px&#8221; header_font_size_last_edited=&#8221;on|phone&#8221; global_colors_info=&#8221;{}&#8221; sticky_enabled=&#8221;0&#8243;]<\/p>\n<h1>About the Centre<\/h1>\n<p>[\/et_pb_text][\/et_pb_column][\/et_pb_row][\/et_pb_section][et_pb_section fb_built=&#8221;1&#8243; admin_label=&#8221;About&#8221; _builder_version=&#8221;4.27.4&#8243; _module_preset=&#8221;default&#8221; custom_margin=&#8221;||||false|false&#8221; custom_padding=&#8221;0px||||false|false&#8221; global_colors_info=&#8221;{}&#8221;][et_pb_row column_structure=&#8221;1_2,1_2&#8243; module_id=&#8221;povijest&#8221; _builder_version=&#8221;4.27.4&#8243; _module_preset=&#8221;default&#8221; global_colors_info=&#8221;{}&#8221;][et_pb_column type=&#8221;1_2&#8243; _builder_version=&#8221;4.16&#8243; _module_preset=&#8221;default&#8221; custom_padding=&#8221;5vw||||false|false&#8221; custom_padding_tablet=&#8221;0vw||5vw||false|false&#8221; custom_padding_phone=&#8221;&#8221; custom_padding_last_edited=&#8221;on|desktop&#8221; global_colors_info=&#8221;{}&#8221;][dipl_text_highlighter highlighter_content=&#8221;About the Centre&#8221; stroke_width=&#8221;3&#8243; _builder_version=&#8221;4.27.4&#8243; _module_preset=&#8221;default&#8221; global_body_font=&#8221;&#8211;et_global_heading_font|900|||||||&#8221; global_body_text_color=&#8221;#011627&#8243; global_body_font_size=&#8221;40px&#8221; hover_enabled=&#8221;0&#8243; global_body_font_size_tablet=&#8221;40px&#8221; global_body_font_size_phone=&#8221;30px&#8221; global_body_font_size_last_edited=&#8221;on|phone&#8221; global_colors_info=&#8221;{}&#8221; sticky_enabled=&#8221;0&#8243;][\/dipl_text_highlighter][et_pb_text _builder_version=&#8221;4.27.4&#8243; _module_preset=&#8221;85ec5774-0b51-4075-9641-4e0e2e6ea9dd&#8221; text_font=&#8221;&#8211;et_global_body_font||||||||&#8221; text_text_color=&#8221;rgba(0,0,0,0.6)&#8221; text_font_size=&#8221;17px&#8221; text_line_height=&#8221;1.8em&#8221; text_orientation=&#8221;justified&#8221; custom_margin=&#8221;||||false|false&#8221; custom_padding=&#8221;20px||||false|false&#8221; text_font_size_tablet=&#8221;15px&#8221; text_font_size_phone=&#8221;14px&#8221; text_font_size_last_edited=&#8221;on|desktop&#8221; global_colors_info=&#8221;{}&#8221;]<\/p>\n<p>The Centre for Croatian Studies Abroad has been successfully operating since 2007. Its primary mission is teaching Croatian as a second language and familiarising participants with Croatian history, culture, and civilization.  <\/p>\n<p>The Centre also focuses on scientific research and the preservation of the Croatian language and culture outside of Croatia in collaboration with various academic and cultural institutions worldwide that promote Croatian linguistic identity and culture.<\/p>\n<p>[\/et_pb_text][\/et_pb_column][et_pb_column type=&#8221;1_2&#8243; _builder_version=&#8221;4.16&#8243; _module_preset=&#8221;default&#8221; global_colors_info=&#8221;{}&#8221;][et_pb_image src=&#8221;https:\/\/cehas.hr\/wp-content\/uploads\/2024\/12\/cehas-baner.jpg&#8221; title_text=&#8221;cehas-baner&#8221; _builder_version=&#8221;4.27.4&#8243; _module_preset=&#8221;default&#8221; width=&#8221;85%&#8221; module_alignment=&#8221;center&#8221; custom_margin=&#8221;||15px||false|false&#8221; custom_margin_tablet=&#8221;||15px||false|false&#8221; custom_margin_phone=&#8221;-50px||50px||false|false&#8221; custom_margin_last_edited=&#8221;on|phone&#8221; custom_padding=&#8221;30px||||false|false&#8221; custom_padding_tablet=&#8221;30px||||false|false&#8221; custom_padding_phone=&#8221;0px||||false|false&#8221; custom_padding_last_edited=&#8221;on|phone&#8221; global_colors_info=&#8221;{}&#8221;][\/et_pb_image][et_pb_text _builder_version=&#8221;4.27.4&#8243; _module_preset=&#8221;85ec5774-0b51-4075-9641-4e0e2e6ea9dd&#8221; text_font=&#8221;&#8211;et_global_body_font|500|||||||&#8221; text_text_color=&#8221;rgba(0,0,0,0.6)&#8221; text_font_size=&#8221;17px&#8221; text_line_height=&#8221;1.8em&#8221; text_orientation=&#8221;justified&#8221; custom_margin=&#8221;-60px||||false|false&#8221; custom_padding=&#8221;0px||||false|false&#8221; text_font_size_tablet=&#8221;15px&#8221; text_font_size_phone=&#8221;14px&#8221; text_font_size_last_edited=&#8221;on|desktop&#8221; locked=&#8221;off&#8221; global_colors_info=&#8221;{}&#8221;]<\/p>\n<p>Since its founding in 2007, CEHAS has welcomed thousands of participants from nearly every country across all continents through various programmes. The increasing number of foreign students each year speaks volumes about the Centre&#8217;s quality. These participants are our best ambassadors, and their newly acquired knowledge of the Croatian language and culture represents our greatest success.   <\/p>\n<p>[\/et_pb_text][\/et_pb_column][\/et_pb_row][\/et_pb_section][et_pb_section fb_built=&#8221;1&#8243; module_id=&#8221;nastavnici&#8221; _builder_version=&#8221;4.27.4&#8243; _module_preset=&#8221;default&#8221; background_color=&#8221;rgba(130,142,130,0.12)&#8221; global_colors_info=&#8221;{}&#8221;][et_pb_row custom_padding_last_edited=&#8221;on|phone&#8221; _builder_version=&#8221;4.27.4&#8243; _module_preset=&#8221;default&#8221; custom_padding_tablet=&#8221;&#8221; custom_padding_phone=&#8221;0px||||false|false&#8221; global_colors_info=&#8221;{}&#8221;][et_pb_column type=&#8221;4_4&#8243; _builder_version=&#8221;4.27.4&#8243; _module_preset=&#8221;default&#8221; global_colors_info=&#8221;{}&#8221;][dipl_text_highlighter highlighter_content=&#8221;Instructors&#8221; svg_color=&#8221;#2B77C8&#8243; stroke_width=&#8221;4&#8243; _builder_version=&#8221;4.27.4&#8243; _module_preset=&#8221;default&#8221; global_body_font=&#8221;&#8211;et_global_heading_font|900|||||||&#8221; global_body_text_align=&#8221;center&#8221; global_body_font_size=&#8221;40px&#8221; custom_padding=&#8221;||20px||false|false&#8221; global_body_font_size_tablet=&#8221;40px&#8221; global_body_font_size_phone=&#8221;30px&#8221; global_body_font_size_last_edited=&#8221;on|phone&#8221; global_colors_info=&#8221;{}&#8221;][\/dipl_text_highlighter][dipl_team_slider posts_number=&#8221;3&#8243; post_order=&#8221;ASC&#8221; include_categories=&#8221;23&#8243; social_icon_link_target=&#8221;on&#8221; space_between_slides=&#8221;50px&#8221; autoplay=&#8221;off&#8221; show_arrow=&#8221;off&#8221; show_control_dot=&#8221;off&#8221; slide_bg_color=&#8221;rgba(1,22,39,0.04)&#8221; social_icon_separator_color=&#8221;#011627&#8243; social_icon_color=&#8221;rgba(237,66,69,0.9)&#8221; post_per_slide_tablet=&#8221;3&#8243; post_per_slide_phone=&#8221;1&#8243; _builder_version=&#8221;4.27.4&#8243; _module_preset=&#8221;default&#8221; name_font=&#8221;&#8211;et_global_heading_font|800|||||||&#8221; name_text_color=&#8221;#2B77C8&#8243; name_font_size=&#8221;25px&#8221; designation_font=&#8221;&#8211;et_global_heading_font||||||||&#8221; designation_text_color=&#8221;#011627&#8243; body_font=&#8221;&#8211;et_global_body_font||||||||&#8221; body_text_color=&#8221;#828E82&#8243; text_orientation=&#8221;center&#8221; border_radii_team_member_image_border=&#8221;off|5px|5px||&#8221; global_colors_info=&#8221;{}&#8221; social_icon_color__hover_enabled=&#8221;on|hover&#8221; social_icon_color__hover=&#8221;#ed1e22&#8243;][\/dipl_team_slider][dipl_team_slider posts_number=&#8221;3&#8243; post_order=&#8221;ASC&#8221; include_categories=&#8221;24&#8243; social_icon_link_target=&#8221;on&#8221; space_between_slides=&#8221;50px&#8221; autoplay=&#8221;off&#8221; show_arrow=&#8221;off&#8221; show_control_dot=&#8221;off&#8221; slide_bg_color=&#8221;rgba(1,22,39,0.04)&#8221; social_icon_separator_color=&#8221;#011627&#8243; social_icon_color=&#8221;rgba(237,66,69,0.9)&#8221; post_per_slide_tablet=&#8221;3&#8243; post_per_slide_phone=&#8221;1&#8243; _builder_version=&#8221;4.27.4&#8243; _module_preset=&#8221;default&#8221; name_font=&#8221;&#8211;et_global_heading_font|800|||||||&#8221; name_text_color=&#8221;#2B77C8&#8243; name_font_size=&#8221;25px&#8221; designation_font=&#8221;&#8211;et_global_heading_font||||||||&#8221; designation_text_color=&#8221;#011627&#8243; body_font=&#8221;&#8211;et_global_body_font||||||||&#8221; body_text_color=&#8221;#828E82&#8243; text_orientation=&#8221;center&#8221; border_radii_team_member_image_border=&#8221;off|5px|5px||&#8221; global_colors_info=&#8221;{}&#8221; social_icon_color__hover_enabled=&#8221;on|hover&#8221; social_icon_color__hover=&#8221;#ed1e22&#8243;][\/dipl_team_slider][dipl_text_highlighter highlighter_content=&#8221;Administrative staff&#8221; svg_color=&#8221;#2B77C8&#8243; _builder_version=&#8221;4.27.4&#8243; _module_preset=&#8221;default&#8221; global_body_font=&#8221;&#8211;et_global_heading_font|900|||||||&#8221; global_body_text_align=&#8221;center&#8221; global_body_font_size=&#8221;40px&#8221; custom_padding=&#8221;50px||30px||false|false&#8221; global_body_font_size_tablet=&#8221;40px&#8221; global_body_font_size_phone=&#8221;30px&#8221; global_body_font_size_last_edited=&#8221;on|phone&#8221; global_colors_info=&#8221;{}&#8221;][\/dipl_text_highlighter][dipl_team_slider posts_number=&#8221;2&#8243; post_order=&#8221;ASC&#8221; include_categories=&#8221;25&#8243; social_icon_link_target=&#8221;on&#8221; post_per_slide=&#8221;2&#8243; space_between_slides=&#8221;50px&#8221; autoplay=&#8221;off&#8221; show_arrow=&#8221;off&#8221; show_control_dot=&#8221;off&#8221; slide_bg_color=&#8221;rgba(1,22,39,0.04)&#8221; social_icon_separator_color=&#8221;#011627&#8243; social_icon_color=&#8221;rgba(237,66,69,0.9)&#8221; post_per_slide_tablet=&#8221;2&#8243; post_per_slide_phone=&#8221;1&#8243; _builder_version=&#8221;4.27.4&#8243; _module_preset=&#8221;default&#8221; name_font=&#8221;&#8211;et_global_heading_font|800|||||||&#8221; name_text_color=&#8221;#2B77C8&#8243; name_font_size=&#8221;25px&#8221; designation_font=&#8221;&#8211;et_global_heading_font||||||||&#8221; designation_text_color=&#8221;#011627&#8243; body_font=&#8221;&#8211;et_global_body_font||||||||&#8221; body_text_color=&#8221;#828E82&#8243; text_orientation=&#8221;center&#8221; border_radii_team_member_image_border=&#8221;off|5px|5px||&#8221; global_colors_info=&#8221;{}&#8221; social_icon_color__hover_enabled=&#8221;on|hover&#8221; social_icon_color__hover=&#8221;#ed1e22&#8243;][\/dipl_team_slider][\/et_pb_column][\/et_pb_row][\/et_pb_section][et_pb_section fb_built=&#8221;1&#8243; module_id=&#8221;nastavni&#8221; _builder_version=&#8221;4.27.4&#8243; _module_preset=&#8221;default&#8221; custom_margin=&#8221;||||false|false&#8221; custom_padding=&#8221;||0px||false|false&#8221; global_colors_info=&#8221;{}&#8221;][et_pb_row _builder_version=&#8221;4.27.4&#8243; _module_preset=&#8221;default&#8221; global_colors_info=&#8221;{}&#8221;][et_pb_column type=&#8221;4_4&#8243; _builder_version=&#8221;4.27.4&#8243; _module_preset=&#8221;default&#8221; global_colors_info=&#8221;{}&#8221;][dipl_text_highlighter highlighter_content=&#8221;Teaching materials&#8221; svg_color=&#8221;#2B77C8&#8243; _builder_version=&#8221;4.27.4&#8243; _module_preset=&#8221;default&#8221; global_body_font=&#8221;&#8211;et_global_heading_font|900|||||||&#8221; global_body_font_size=&#8221;40px&#8221; global_body_text_align_tablet=&#8221;&#8221; global_body_text_align_phone=&#8221;center&#8221; global_body_text_align_last_edited=&#8221;on|phone&#8221; global_body_font_size_tablet=&#8221;40px&#8221; global_body_font_size_phone=&#8221;30px&#8221; global_body_font_size_last_edited=&#8221;on|phone&#8221; global_colors_info=&#8221;{}&#8221;][\/dipl_text_highlighter][\/et_pb_column][\/et_pb_row][et_pb_row column_structure=&#8221;1_2,1_2&#8243; _builder_version=&#8221;4.27.4&#8243; _module_preset=&#8221;default&#8221; global_colors_info=&#8221;{}&#8221;][et_pb_column type=&#8221;1_2&#8243; _builder_version=&#8221;4.27.4&#8243; _module_preset=&#8221;default&#8221; global_colors_info=&#8221;{}&#8221;][et_pb_text _builder_version=&#8221;4.27.4&#8243; _module_preset=&#8221;default&#8221; text_font=&#8221;&#8211;et_global_body_font||||||||&#8221; text_text_color=&#8221;rgba(0,0,0,0.6)&#8221; text_font_size=&#8221;17px&#8221; text_line_height=&#8221;1.8em&#8221; text_orientation=&#8221;justified&#8221; text_font_size_tablet=&#8221;15px&#8221; text_font_size_phone=&#8221;14px&#8221; text_font_size_last_edited=&#8221;on|desktop&#8221; global_colors_info=&#8221;{}&#8221;]<\/p>\n<p>All teaching materials are tailored to students\u2019 language levels and aligned with the defined learning objectives and outcomes.<br \/>The textbook and workbook <strong>Prije\u0111imo na ti<\/strong>, authored by Josipa Korljan Be\u0161li\u0107 and Helena Buri\u0107, are the result of years of teaching Croatian for Foreigners A1 and A2 courses at CEHAS, Faculty of Humanities and Social Sciences in Split. The materials consist of 15 units designed to match the 15-week semester. Topics and content are aligned with the Common European Framework of Reference for Languages (CEFR).<br \/>Each unit includes three subunits with written texts, various tasks, grammar points, useful expressions, and listening texts. Cultural insights are included at the end of every unit, along with a comprehensive grammar summary. At the back of the textbook, students will find a Croatian-English-Spanish glossary and audio transcripts.<br \/>The materials are developed using a constructivist approach, focusing on learners and encouraging them to independently identify grammatical and linguistic patterns. Tasks promote conversational practice, with useful expressions highlighted in every subunit. The authors aim to provide engaging and motivating materials for anyone learning Croatian and to help them become more confident in language use situations.<\/p>\n<p>[\/et_pb_text][\/et_pb_column][et_pb_column type=&#8221;1_2&#8243; _builder_version=&#8221;4.27.4&#8243; _module_preset=&#8221;default&#8221; global_colors_info=&#8221;{}&#8221;][et_pb_image src=&#8221;https:\/\/cehas.hr\/wp-content\/uploads\/2024\/12\/knjiga.jpg&#8221; title_text=&#8221;book&#8221; align=&#8221;center&#8221; force_fullwidth=&#8221;on&#8221; _builder_version=&#8221;4.27.4&#8243; _module_preset=&#8221;default&#8221; custom_padding=&#8221;70px||70px||true|false&#8221; custom_padding_tablet=&#8221;70px||70px||true|false&#8221; custom_padding_phone=&#8221;20px||20px||true|false&#8221; custom_padding_last_edited=&#8221;on|phone&#8221; global_colors_info=&#8221;{}&#8221;][\/et_pb_image][\/et_pb_column][\/et_pb_row][et_pb_row _builder_version=&#8221;4.27.4&#8243; _module_preset=&#8221;default&#8221; global_colors_info=&#8221;{}&#8221;][et_pb_column type=&#8221;4_4&#8243; _builder_version=&#8221;4.27.4&#8243; _module_preset=&#8221;default&#8221; global_colors_info=&#8221;{}&#8221;][et_pb_divider color=&#8221;#011627&#8243; _builder_version=&#8221;4.27.4&#8243; _module_preset=&#8221;default&#8221; global_colors_info=&#8221;{}&#8221;][\/et_pb_divider][\/et_pb_column][\/et_pb_row][\/et_pb_section][et_pb_section fb_built=&#8221;1&#8243; module_id=&#8221;strucni&#8221; _builder_version=&#8221;4.27.4&#8243; _module_preset=&#8221;default&#8221; custom_padding=&#8221;0px||||false|false&#8221; global_colors_info=&#8221;{}&#8221;][et_pb_row _builder_version=&#8221;4.27.4&#8243; _module_preset=&#8221;default&#8221; global_colors_info=&#8221;{}&#8221;][et_pb_column type=&#8221;4_4&#8243; _builder_version=&#8221;4.27.4&#8243; _module_preset=&#8221;default&#8221; global_colors_info=&#8221;{}&#8221;][dipl_text_highlighter highlighter_content=&#8221;Professional and scientific work&#8221; svg_color=&#8221;#2B77C8&#8243; stroke_width=&#8221;2&#8243; _builder_version=&#8221;4.27.4&#8243; _module_preset=&#8221;default&#8221; global_body_font=&#8221;&#8211;et_global_heading_font|900|||||||&#8221; global_body_text_align=&#8221;center&#8221; global_body_font_size=&#8221;35px&#8221; global_body_font_size_tablet=&#8221;35px&#8221; global_body_font_size_phone=&#8221;30px&#8221; global_body_font_size_last_edited=&#8221;on|phone&#8221; global_colors_info=&#8221;{}&#8221;][\/dipl_text_highlighter][\/et_pb_column][\/et_pb_row][et_pb_row _builder_version=&#8221;4.27.4&#8243; _module_preset=&#8221;default&#8221; global_colors_info=&#8221;{}&#8221;][et_pb_column type=&#8221;4_4&#8243; _builder_version=&#8221;4.27.4&#8243; _module_preset=&#8221;default&#8221; global_colors_info=&#8221;{}&#8221;][et_pb_text _builder_version=&#8221;4.27.4&#8243; _module_preset=&#8221;default&#8221; text_font=&#8221;&#8211;et_global_body_font||||||||&#8221; text_text_color=&#8221;rgba(0,0,0,0.6)&#8221; text_font_size=&#8221;17px&#8221; text_line_height=&#8221;1.8em&#8221; text_orientation=&#8221;justified&#8221; text_font_size_tablet=&#8221;15px&#8221; text_font_size_phone=&#8221;14px&#8221; text_font_size_last_edited=&#8221;on|desktop&#8221; global_colors_info=&#8221;{}&#8221;]<\/p>\n<p>In addition to teaching, Centre&#8217;s educators are engaged in research and other professional activities and regularly enhance their skills and participate in both national and international conferences. They publish scientific articles in domestic and international journals, keeping pace with contemporary developments in linguistics and teaching methodologies. <\/p>\n<p>[\/et_pb_text][et_pb_image src=&#8221;https:\/\/cehas.hr\/wp-content\/uploads\/2024\/12\/strucni-rad.jpg&#8221; title_text=&#8221;professional work&#8221; align=&#8221;center&#8221; _builder_version=&#8221;4.27.4&#8243; _module_preset=&#8221;default&#8221; width=&#8221;50%&#8221; width_tablet=&#8221;50%&#8221; width_phone=&#8221;100%&#8221; width_last_edited=&#8221;on|phone&#8221; custom_padding=&#8221;10px||||false|false&#8221; global_colors_info=&#8221;{}&#8221;][\/et_pb_image][\/et_pb_column][\/et_pb_row][\/et_pb_section]<\/p>\n","protected":false},"excerpt":{"rendered":"<p>About the Centre<div class=\"et_pb_module dipl_text_highlighter dipl_text_highlighter_0\">\n\t\t\t\t\n\t\t\t\t\n\t\t\t\t\n\t\t\t\t\n\t\t\t\t\n\t\t\t\t\n\t\t\t\t<div class=\"et_pb_module_inner\">\n\t\t\t\t\t<div class=\"dipl_text_highlighter_wrapper dipl_highlighter_text dipl_highlight_zigzag \"><span class=\"dipl_text_highlighter_inner_wrapper\"><span class=\"dipl_text_highlighted_content\">About the Centre<\/span><?xml version=\"1.0\" encoding=\"utf-8\"?><!-- Generator: Adobe Illustrator 24.3.0, SVG Export Plug-In . SVG Version: 6.00 Build 0)  --><svg version=\"1.1\" xmlns=\"http:\/\/www.w3.org\/2000\/svg\" xmlns:xlink=\"http:\/\/www.w3.org\/1999\/xlink\" x=\"0px\" y=\"0px\" viewBox=\"0 0 175.3 17.9\" style=\"enable-background:new 0 0 175.3 17.9;\" xml:space=\"preserve\"><style type=\"text\/css\">.st0{fill:none;stroke:#231F20;stroke-width:2.5;stroke-linecap:round;stroke-linejoin:round;}<\/style><path class=\"st0\" d=\"M4,9.3c0,0,106.8-8.9,167.2-1.9c0,0-91.1-0.4-114.6,3.8c0,0,37-1.7,55.2,1.9\"\/><\/svg><\/span><\/div>\n\t\t\t\t<\/div>\n\t\t\t<\/div>The Centre for Croatian Studies Abroad has been successfully operating since 2007. Its primary mission is teaching Croatian as a second language and familiarising participants with Croatian history, culture, and civilization. The Centre also focuses on scientific research [&hellip;]<\/p>\n","protected":false},"author":1,"featured_media":0,"parent":0,"menu_order":0,"comment_status":"closed","ping_status":"closed","template":"","meta":{"_et_pb_use_builder":"on","_et_pb_old_content":"","_et_gb_content_width":"","footnotes":""},"dipi_cpt_category":[],"class_list":["post-8813","page","type-page","status-publish","hentry"],"_links":{"self":[{"href":"https:\/\/cehas.hr\/en\/wp-json\/wp\/v2\/pages\/8813","targetHints":{"allow":["GET"]}}],"collection":[{"href":"https:\/\/cehas.hr\/en\/wp-json\/wp\/v2\/pages"}],"about":[{"href":"https:\/\/cehas.hr\/en\/wp-json\/wp\/v2\/types\/page"}],"author":[{"embeddable":true,"href":"https:\/\/cehas.hr\/en\/wp-json\/wp\/v2\/users\/1"}],"replies":[{"embeddable":true,"href":"https:\/\/cehas.hr\/en\/wp-json\/wp\/v2\/comments?post=8813"}],"version-history":[{"count":10,"href":"https:\/\/cehas.hr\/en\/wp-json\/wp\/v2\/pages\/8813\/revisions"}],"predecessor-version":[{"id":8967,"href":"https:\/\/cehas.hr\/en\/wp-json\/wp\/v2\/pages\/8813\/revisions\/8967"}],"wp:attachment":[{"href":"https:\/\/cehas.hr\/en\/wp-json\/wp\/v2\/media?parent=8813"}],"wp:term":[{"taxonomy":"dipi_cpt_category","embeddable":true,"href":"https:\/\/cehas.hr\/en\/wp-json\/wp\/v2\/dipi_cpt_category?post=8813"}],"curies":[{"name":"wp","href":"https:\/\/api.w.org\/{rel}","templated":true}]}}